{"id":2,"date":"2021-05-11T21:24:53","date_gmt":"2021-05-12T00:24:53","guid":{"rendered":"https:\/\/franciscomallmann.com\/?page_id=2"},"modified":"2022-10-29T15:29:15","modified_gmt":"2022-10-29T18:29:15","slug":"publicacoes","status":"publish","type":"page","link":"https:\/\/franciscomallmann.com\/?page_id=2","title":{"rendered":"publica\u00e7\u00f5es<br><i>publicaciones<br>publications<\/i>"},"content":{"rendered":"\n<div style=\"height:50px\" aria-hidden=\"true\" class=\"wp-block-spacer\"><\/div>\n\n\n\n<div class=\"wp-block-group livros is-layout-flow wp-block-group-is-layout-flow\">\n<figure class=\"wp-block-image aligncenter size-full is-resized livro\"><a href=\"https:\/\/editoraurutau.com\/titulo\/havera-festa-com-o-que-restar\" target=\"_blank\" rel=\"https:\/\/editoraurutau.com\/titulo\/havera-festa-com-o-que-restar noopener\"><img loading=\"lazy\" decoding=\"async\" src=\"https:\/\/franciscomallmann.com\/wp-content\/uploads\/2021\/09\/Havera-festa-com-o-que-restar.png\" alt=\"\" class=\"wp-image-180\" width=\"212\" height=\"309\" srcset=\"https:\/\/franciscomallmann.com\/wp-content\/uploads\/2021\/09\/Havera-festa-com-o-que-restar.png 296w, https:\/\/franciscomallmann.com\/wp-content\/uploads\/2021\/09\/Havera-festa-com-o-que-restar-206x300.png 206w\" sizes=\"auto, (max-width: 212px) 100vw, 212px\" \/><\/a><figcaption><a rel=\"noreferrer noopener\" href=\"https:\/\/editoraurutau.com\/titulo\/havera-festa-com-o-que-restar\" data-type=\"URL\" data-id=\"https:\/\/editoraurutau.com\/titulo\/havera-festa-com-o-que-restar\" target=\"_blank\">haver\u00e1 festa com o que restar<\/a><\/figcaption><\/figure>\n\n\n\n<figure class=\"wp-block-image aligncenter size-full is-resized livro\"><a href=\"https:\/\/7letras.com.br\/livro\/lingua-pele-aspera\/\" target=\"_blank\" rel=\"https:\/\/7letras.com.br\/livro\/lingua-pele-aspera\/ noopener\"><img loading=\"lazy\" decoding=\"async\" src=\"https:\/\/franciscomallmann.com\/wp-content\/uploads\/2021\/09\/lingua_pele_aspera_capa_livro_megamini-7letras.jpg\" alt=\"\" class=\"wp-image-181\" width=\"215\" height=\"303\" srcset=\"https:\/\/franciscomallmann.com\/wp-content\/uploads\/2021\/09\/lingua_pele_aspera_capa_livro_megamini-7letras.jpg 388w, https:\/\/franciscomallmann.com\/wp-content\/uploads\/2021\/09\/lingua_pele_aspera_capa_livro_megamini-7letras-213x300.jpg 213w\" sizes=\"auto, (max-width: 215px) 100vw, 215px\" \/><\/a><figcaption><a rel=\"noreferrer noopener\" href=\"https:\/\/7letras.com.br\/livro\/lingua-pele-aspera\/\" data-type=\"URL\" data-id=\"https:\/\/7letras.com.br\/livro\/lingua-pele-aspera\/\" target=\"_blank\">l\u00edngua pele \u00e1spera<\/a><\/figcaption><\/figure>\n<\/div>\n\n\n\n<div style=\"height:50px\" aria-hidden=\"true\" class=\"wp-block-spacer\"><\/div>\n\n\n\n<div class=\"wp-block-group livros is-layout-flow wp-block-group-is-layout-flow\">\n<figure class=\"wp-block-image aligncenter size-full is-resized livro\"><a href=\"https:\/\/editoraurutau.com\/titulo\/america\" target=\"_blank\" rel=\"https:\/\/editoraurutau.com\/titulo\/america noopener\"><img loading=\"lazy\" decoding=\"async\" src=\"https:\/\/franciscomallmann.com\/wp-content\/uploads\/2021\/09\/America.png\" alt=\"\" class=\"wp-image-182\" width=\"215\" height=\"314\" srcset=\"https:\/\/franciscomallmann.com\/wp-content\/uploads\/2021\/09\/America.png 296w, https:\/\/franciscomallmann.com\/wp-content\/uploads\/2021\/09\/America-206x300.png 206w\" sizes=\"auto, (max-width: 215px) 100vw, 215px\" \/><\/a><figcaption><a rel=\"noreferrer noopener\" href=\"https:\/\/editoraurutau.com\/titulo\/america\" data-type=\"URL\" data-id=\"https:\/\/editoraurutau.com\/titulo\/america\" target=\"_blank\">am\u00e9rica<\/a><\/figcaption><\/figure>\n\n\n\n<figure class=\"wp-block-image aligncenter size-full is-resized livro\"><a href=\"https:\/\/www.record.com.br\/produto\/tudo-o-que-leva-consigo-um-nome\/\" target=\"_blank\" rel=\"https:\/\/www.record.com.br\/produto\/tudo-o-que-leva-consigo-um-nome\/ noopener\"><img loading=\"lazy\" decoding=\"async\" src=\"https:\/\/franciscomallmann.com\/wp-content\/uploads\/2021\/09\/tudo_o_que_leva_consigo_um_nome.jpeg\" alt=\"\" class=\"wp-image-183\" width=\"216\" height=\"332\" srcset=\"https:\/\/franciscomallmann.com\/wp-content\/uploads\/2021\/09\/tudo_o_que_leva_consigo_um_nome.jpeg 600w, https:\/\/franciscomallmann.com\/wp-content\/uploads\/2021\/09\/tudo_o_que_leva_consigo_um_nome-195x300.jpeg 195w\" sizes=\"auto, (max-width: 216px) 100vw, 216px\" \/><\/a><figcaption><a rel=\"noreferrer noopener\" href=\"https:\/\/www.record.com.br\/produto\/tudo-o-que-leva-consigo-um-nome\/\" data-type=\"URL\" data-id=\"https:\/\/www.record.com.br\/produto\/tudo-o-que-leva-consigo-um-nome\/\" target=\"_blank\">tudo o que leva consigo um nome<\/a><\/figcaption><\/figure>\n<\/div>\n\n\n\n<div style=\"height:100px\" aria-hidden=\"true\" class=\"wp-block-spacer\"><\/div>\n\n\n\n<p><a href=\"http:\/\/ruidomanifesto.org\/seis-poemas-de-francisco-mallmann\/\" data-type=\"URL\" data-id=\"http:\/\/ruidomanifesto.org\/seis-poemas-de-francisco-mallmann\/\" target=\"_blank\" rel=\"noreferrer noopener\">seis poemas de francisco mallmann<\/a>, revista ru\u00eddo manifesto<\/p>\n\n\n\n<p><a href=\"https:\/\/revistacult.uol.com.br\/home\/francisco-mallmann-traduz-francisco-casas\/\" data-type=\"URL\" data-id=\"https:\/\/revistacult.uol.com.br\/home\/francisco-mallmann-traduz-francisco-casas\/\" target=\"_blank\" rel=\"noreferrer noopener\">francisco mallmann traduz francisco casas<\/a>, revista cult<\/p>\n\n\n\n<p><a href=\"https:\/\/comoeuescrevo.com\/francisco-mallmann\/\" data-type=\"URL\" data-id=\"https:\/\/comoeuescrevo.com\/francisco-mallmann\/\" target=\"_blank\" rel=\"noreferrer noopener\">como escreve francisco mallmann<\/a><\/p>\n\n\n\n<p><a href=\"https:\/\/www.itaucultural.org.br\/poeta-em-imagens-francisco-mallmann\" data-type=\"URL\" data-id=\"https:\/\/www.itaucultural.org.br\/poeta-em-imagens-francisco-mallmann\" target=\"_blank\" rel=\"noreferrer noopener\">francisco mallmann, poeta em imagens<\/a>, ita\u00fa cultural<\/p>\n\n\n\n<p><a href=\"https:\/\/revistadesvio.com\/2020\/02\/10\/sobre-algumas-postagens-de-francisco-mallmann\/\" data-type=\"URL\" data-id=\"https:\/\/revistadesvio.com\/2020\/02\/10\/sobre-algumas-postagens-de-francisco-mallmann\/\" target=\"_blank\" rel=\"noreferrer noopener\">sobre algumas postagens de francisco mallmann<\/a>, revista desvio<\/p>\n\n\n\n<p><a href=\"https:\/\/www.revistaensaia.com\/os-meninos-franceses\" data-type=\"URL\" data-id=\"https:\/\/www.revistaensaia.com\/os-meninos-franceses\" target=\"_blank\" rel=\"noreferrer noopener\">os meninos franceses<\/a>, francisco mallmann, revista ensaia<\/p>\n\n\n\n<p><a href=\"https:\/\/www.plural.jor.br\/colunas\/sujeitos-leitores\/sujeitos-leitores-francfisco-mallmann-fala-de-sua-poesia\/\" data-type=\"URL\" data-id=\"https:\/\/www.plural.jor.br\/colunas\/sujeitos-leitores\/sujeitos-leitores-francfisco-mallmann-fala-de-sua-poesia\/\" target=\"_blank\" rel=\"noreferrer noopener\">francisco mallmann<\/a>, sujeitos leitores, jornal plural<\/p>\n\n\n\n<p><a href=\"https:\/\/midianinja.org\/news\/a-escrita-enquanto-processo-coletivo-e-a-disputa-de-sentidos-conheca-francisco-mallmann\/\" data-type=\"URL\" data-id=\"https:\/\/midianinja.org\/news\/a-escrita-enquanto-processo-coletivo-e-a-disputa-de-sentidos-conheca-francisco-mallmann\/\" target=\"_blank\" rel=\"noreferrer noopener\">a escrita enquanto processo coletivo e a disputa de sentidos, conhe\u00e7a francisco mallmann<\/a>, m\u00eddia ninja<\/p>\n\n\n\n<p><a href=\"http:\/\/www.mallarmargens.com\/2016\/10\/a-prosa-de-francisco-mallmann.html\" data-type=\"URL\" data-id=\"http:\/\/www.mallarmargens.com\/2016\/10\/a-prosa-de-francisco-mallmann.html\" target=\"_blank\" rel=\"noreferrer noopener\">a prosa de francisco mallmann<\/a>, revista mallarmargens<\/p>\n\n\n\n<p><a href=\"https:\/\/suplementopernambuco.com.br\/pernambuco\/70-perfil\/2742-francisco-mallmann-a-linguagem-como-tato\" data-type=\"URL\" data-id=\"https:\/\/suplementopernambuco.com.br\/pernambuco\/70-perfil\/2742-francisco-mallmann-a-linguagem-como-tato\" target=\"_blank\" rel=\"noreferrer noopener\">francisco mallmann, a linguagem como tato<\/a>, suplemento pernambuco<\/p>\n\n\n\n<p><a href=\"https:\/\/editoraurutau.medium.com\/escrevo-de-dentro-da-emerg%C3%AAncia-8caa2c1439a0\" data-type=\"URL\" data-id=\"https:\/\/editoraurutau.medium.com\/escrevo-de-dentro-da-emerg%C3%AAncia-8caa2c1439a0\" target=\"_blank\" rel=\"noreferrer noopener\">escrevo de dentro da emerg\u00eancia<\/a>, entrevista com francisco mallmann, editora urutau<\/p>\n\n\n\n<p><a href=\"https:\/\/www.washingtonsquarereview.com\/francisco-mallman\" data-type=\"URL\" data-id=\"https:\/\/www.washingtonsquarereview.com\/francisco-mallman\" target=\"_blank\" rel=\"noreferrer noopener\">two poems by francisco mallmann, translated from portuguese by robert smith<\/a>, washington square review<\/p>\n\n\n\n<p><a href=\"https:\/\/epiphanyzine.com\/features\/2020\/7\/31\/two-poems-by-francisco-mallmann-translated-from-portuguese-by-robert-smith\" data-type=\"URL\" data-id=\"https:\/\/epiphanyzine.com\/features\/2020\/7\/31\/two-poems-by-francisco-mallmann-translated-from-portuguese-by-robert-smith\" target=\"_blank\" rel=\"noreferrer noopener\">two poems by francisco mallmann, translated from portuguese by robert smith<\/a>, epiphany magazine<\/p>\n\n\n\n<p><a href=\"https:\/\/www.revistas.usp.br\/crioula\/article\/view\/162322\" data-type=\"URL\" data-id=\"https:\/\/www.revistas.usp.br\/crioula\/article\/view\/162322\" target=\"_blank\" rel=\"noreferrer noopener\">conversas com a poesia bixa de francisco mallmann<\/a>, de caio riscado, revista crioula<\/p>\n\n\n\n<p><a href=\"https:\/\/revistas.ufrj.br\/index.php\/ae\/article\/view\/9020-5189\" data-type=\"URL\" data-id=\"https:\/\/revistas.ufrj.br\/index.php\/ae\/article\/view\/9020-5189\" target=\"_blank\" rel=\"noreferrer noopener\">dando bandeira: relatos para comunidades imaginadas<\/a>, de caio riscado, revista arte &amp; ensaios<\/p>\n\n\n\n<p><a href=\"http:\/\/diversosafins.com.br\/diversos\/aperitivo-da-palavra-i-27\/\" data-type=\"URL\" data-id=\"http:\/\/diversosafins.com.br\/diversos\/aperitivo-da-palavra-i-27\/\" target=\"_blank\" rel=\"noreferrer noopener\">\u201ceu me declaro marido e mulher\u201d: a festa po\u00e9tica de francisco mallmann<\/a>, revista diversos e afins<\/p>\n\n\n\n<p><a href=\"https:\/\/www.youtube.com\/watch?v=mKMoOBMrIeQ\" data-type=\"URL\" data-id=\"https:\/\/www.youtube.com\/watch?v=mKMoOBMrIeQ\" target=\"_blank\" rel=\"noreferrer noopener\">podcast desvairada, ep. 2, devolver a eles esse grande susto<\/a>, com francisco mallmann<\/p>\n\n\n\n<p><a href=\"https:\/\/youtu.be\/hPZtr5hvWSs\" data-type=\"URL\" data-id=\"https:\/\/youtu.be\/hPZtr5hvWSs\" target=\"_blank\" rel=\"noreferrer noopener\">&#8220;am\u00e9rica&#8221; por francisco mallmann<\/a>, arte1 em movimento<\/p>\n\n\n\n<p><a href=\"https:\/\/www.youtube.com\/watch?v=Vt6wVmtxm9g\" data-type=\"URL\" data-id=\"https:\/\/www.youtube.com\/watch?v=Vt6wVmtxm9g\" target=\"_blank\" rel=\"noreferrer noopener\">flimo 2020, exist\u00eancias n\u00e3o-normativas, sexualidade e g\u00eanero com francisco mallmann<\/a><\/p>\n\n\n\n<p><a href=\"https:\/\/www.youtube.com\/watch?v=Aq-KeNM1GYc\" data-type=\"URL\" data-id=\"https:\/\/www.youtube.com\/watch?v=Aq-KeNM1GYc\" target=\"_blank\" rel=\"noreferrer noopener\">mix br 2020, mix liter\u00e1rio: narrativas antiajuda: sa\u00fade mental na literatura queer<\/a><\/p>\n\n\n\n<p><a rel=\"noreferrer noopener\" href=\"https:\/\/soundcloud.com\/alfaiataria\/da-dispersao-do-inimigo-que-posso-ser_texto-e-leitura-de-francisco-mallmann?in=alfaiataria\/sets\/leituras-para-agora\" data-type=\"URL\" data-id=\"https:\/\/soundcloud.com\/alfaiataria\/da-dispersao-do-inimigo-que-posso-ser_texto-e-leitura-de-francisco-mallmann?in=alfaiataria\/sets\/leituras-para-agora\" target=\"_blank\">leituras para o agora, da dispers\u00e3o do inimigo que posso ser, texto e leitura de francisco mallmann<\/a><\/p>\n\n\n\n<p><a href=\"https:\/\/poesia.fm\/piece-author\/francisco-mallmann\/\" target=\"_blank\" rel=\"noreferrer noopener\">PoesiaFM, com Francisco Mallmann<\/a><\/p>\n\n\n\n<p><a href=\"https:\/\/vejario.abril.com.br\/beira-mar\/nova-geracao-cena-literaria-carioca\/\" target=\"_blank\" rel=\"noreferrer noopener\">Nova gera\u00e7\u00e3o de escritores cariocas<\/a><\/p>\n\n\n\n<p><a href=\"https:\/\/www.bpp.pr.gov.br\/sites\/biblioteca\/arquivos_restritos\/files\/documento\/2021-11\/candido_124.pdf\" target=\"_blank\" rel=\"noreferrer noopener\">&#8220;Vivendo vivo&#8221;<\/a>, entrevista com Francisco Mallmann<\/p>\n\n\n\n<p><a href=\"https:\/\/www.youtube.com\/watch?v=TEKo4SIbdus&amp;ab_channel=CanalArte1\" target=\"_blank\" rel=\"noreferrer noopener\">&#8220;tudo o que leva consigo um nome&#8221;<\/a>, arte1 em movimento<\/p>\n\n\n\n<p><a href=\"https:\/\/www.youtube.com\/watch?v=h6-gUIYVX_M&amp;ab_channel=OurWorldHeritage\" target=\"_blank\" rel=\"noreferrer noopener\">Memories of the future | Episode V | Francisco Mallmann<\/a><\/p>\n\n\n\n<p><a href=\"https:\/\/www.youtube.com\/watch?v=OK9ImuE5vGI&amp;ab_channel=Plural\" target=\"_blank\" rel=\"noreferrer noopener\">sujeitos leitores, com francisco mallmann<\/a><\/p>\n","protected":false},"excerpt":{"rendered":"<p>seis poemas de francisco mallmann, revista ru\u00eddo manifesto francisco mallmann traduz francisco casas, revista cult como escreve francisco mallmann francisco mallmann, poeta em imagens, ita\u00fa cultural sobre algumas postagens de francisco mallmann, revista desvio os meninos franceses, francisco mallmann, revista ensaia francisco mallmann, sujeitos leitores, jornal plural a escrita enquanto processo coletivo e a disputa &hellip; <\/p>\n<p class=\"link-more\"><a href=\"https:\/\/franciscomallmann.com\/?page_id=2\" class=\"more-link\">Leia mais<span class=\"screen-reader-text\"> &#8220;publica\u00e7\u00f5es<br \/><i>publicaciones<br \/>publications<\/i>&#8220;<\/span><\/a><\/p>\n","protected":false},"author":1,"featured_media":0,"parent":0,"menu_order":0,"comment_status":"closed","ping_status":"closed","template":"","meta":{"footnotes":""},"class_list":["post-2","page","type-page","status-publish","hentry"],"featured_media_urls":[],"_links":{"self":[{"href":"https:\/\/franciscomallmann.com\/index.php?rest_route=\/wp\/v2\/pages\/2","targetHints":{"allow":["GET"]}}],"collection":[{"href":"https:\/\/franciscomallmann.com\/index.php?rest_route=\/wp\/v2\/pages"}],"about":[{"href":"https:\/\/franciscomallmann.com\/index.php?rest_route=\/wp\/v2\/types\/page"}],"author":[{"embeddable":true,"href":"https:\/\/franciscomallmann.com\/index.php?rest_route=\/wp\/v2\/users\/1"}],"replies":[{"embeddable":true,"href":"https:\/\/franciscomallmann.com\/index.php?rest_route=%2Fwp%2Fv2%2Fcomments&post=2"}],"version-history":[{"count":29,"href":"https:\/\/franciscomallmann.com\/index.php?rest_route=\/wp\/v2\/pages\/2\/revisions"}],"predecessor-version":[{"id":285,"href":"https:\/\/franciscomallmann.com\/index.php?rest_route=\/wp\/v2\/pages\/2\/revisions\/285"}],"wp:attachment":[{"href":"https:\/\/franciscomallmann.com\/index.php?rest_route=%2Fwp%2Fv2%2Fmedia&parent=2"}],"curies":[{"name":"wp","href":"https:\/\/api.w.org\/{rel}","templated":true}]}}